{"id":1380,"date":"2022-12-09T09:33:25","date_gmt":"2022-12-09T08:33:25","guid":{"rendered":"https:\/\/group.areakitchen.it\/corporate\/?page_id=1380"},"modified":"2022-12-09T09:33:28","modified_gmt":"2022-12-09T08:33:28","slug":"location-per-eventi-milano-centro","status":"publish","type":"page","link":"https:\/\/group.areakitchen.it\/corporate\/location-per-eventi-milano-centro\/","title":{"rendered":"Location per eventi Milano centro"},"content":{"rendered":"<p>[et_pb_section fb_built=&#8221;1&#8243; admin_label=&#8221;Location per eventi Milano centro&#8221; module_id=&#8221;md_title_slide&#8221; _builder_version=&#8221;4.18.0&#8243; _module_preset=&#8221;default&#8221; background_color=&#8221;#FFFFFF&#8221; custom_padding=&#8221;0px||15px||false|false&#8221; locked=&#8221;off&#8221; collapsed=&#8221;off&#8221; global_colors_info=&#8221;{}&#8221;][et_pb_row _builder_version=&#8221;4.16&#8243; _module_preset=&#8221;default&#8221; background_image=&#8221;https:\/\/group.areakitchen.it\/corporate\/wp-content\/uploads\/sites\/3\/2021\/07\/Foto-quadrante-di-apertura.png&#8221; collapsed=&#8221;off&#8221; global_colors_info=&#8221;{}&#8221;][et_pb_column type=&#8221;4_4&#8243; _builder_version=&#8221;4.16&#8243; _module_preset=&#8221;default&#8221; global_colors_info=&#8221;{}&#8221;][et_pb_slider _builder_version=&#8221;4.18.0&#8243; _module_preset=&#8221;default&#8221; global_colors_info=&#8221;{}&#8221;][et_pb_slide heading=&#8221;Le migliori Location per eventi Milano centro&#8221; admin_title=&#8221;Location&#8221; _builder_version=&#8221;4.18.0&#8243; _module_preset=&#8221;default&#8221; body_font_size=&#8221;15px&#8221; body_line_height=&#8221;1.8em&#8221; background_color=&#8221;#FFFFFF&#8221; background_enable_color=&#8221;on&#8221; text_orientation=&#8221;left&#8221; background_layout=&#8221;light&#8221; global_colors_info=&#8221;{}&#8221; sticky_transition=&#8221;on&#8221;]<\/p>\n<p>Grazie alla sua esperienza decennale Area Kitchen si afferma come eccellenza sul mercato del banqueting sartoriale, occupandosi e affiancando il brand in tutte le fasi di realizzazione del vostro evento e proponendo esclusive Location per eventi Milano centro.<\/p>\n<p>[\/et_pb_slide][\/et_pb_slider][\/et_pb_column][\/et_pb_row][\/et_pb_section][et_pb_section fb_built=&#8221;1&#8243; admin_label=&#8221; Catering a Milano per aziende&#8221; module_id=&#8221;md_digital_banqueting&#8221; _builder_version=&#8221;4.18.0&#8243; _module_preset=&#8221;default&#8221; background_color=&#8221;#FFFFFF&#8221; custom_padding=&#8221;0px||0px||false|false&#8221; collapsed=&#8221;off&#8221; global_colors_info=&#8221;{}&#8221;][et_pb_row column_structure=&#8221;1_2,1_2&#8243; use_custom_gutter=&#8221;on&#8221; gutter_width=&#8221;1&#8243; make_equal=&#8221;on&#8221; admin_label=&#8221;La location pi\u00f9 adatta a rispecchiare il vostro stile e le vostre necessit\u00e0&#8221; _builder_version=&#8221;4.18.0&#8243; _module_preset=&#8221;default&#8221; background_enable_color=&#8221;off&#8221; custom_margin=&#8221;||20px||false|false&#8221; custom_padding=&#8221;0px||0px||false|false&#8221; collapsed=&#8221;off&#8221; global_colors_info=&#8221;{}&#8221;][et_pb_column type=&#8221;1_2&#8243; _builder_version=&#8221;4.16&#8243; _module_preset=&#8221;default&#8221; background_color=&#8221;#FFFFFF&#8221; global_colors_info=&#8221;{}&#8221;][et_pb_cta title=&#8221;La location pi\u00f9 adatta a rispecchiare il vostro stile e le vostre necessit\u00e0&#8221; button_url=&#8221;#&#8221; admin_label=&#8221;La location pi\u00f9 adatta a rispecchiare il vostro stile e le vostre necessit\u00e0&#8221; module_id=&#8221;md_cta_cor&#8221; _builder_version=&#8221;4.18.0&#8243; _module_preset=&#8221;default&#8221; background_color=&#8221;#FFFFFF&#8221; text_orientation=&#8221;left&#8221; background_layout=&#8221;light&#8221; global_colors_info=&#8221;{}&#8221;]<\/p>\n<p>Il nostro staff vi seguir\u00e0 in ogni dettaglio, come unico interlocutore, perch\u00e9 grazie alla sua expertise collabora in esclusiva con alcune Location esclusive di Milano centro.<\/p>\n<p>Vi affiancheremo nella scelta della location pi\u00f9 adatta a rispecchiare il vostro stile e le vostre necessit\u00e0, interpretando i vostri valori attraverso il cibo, i colori e il gusto.<\/p>\n<p>Per questo ci appoggiamo alle migliori Location.<\/p>\n<p>Una di queste \u00e8 sicuramente <strong>Alcatraz<\/strong>, per la sua posizione centrale ed i suoi spazi.<\/p>\n<p>[\/et_pb_cta][\/et_pb_column][et_pb_column type=&#8221;1_2&#8243; _builder_version=&#8221;4.16&#8243; _module_preset=&#8221;default&#8221; global_colors_info=&#8221;{}&#8221;][et_pb_gallery gallery_ids=&#8221;108,222,749,577,267,217&#8243; fullwidth=&#8221;on&#8221; module_id=&#8221;md_gallery_img&#8221; _builder_version=&#8221;4.18.0&#8243; _module_preset=&#8221;default&#8221; global_colors_info=&#8221;{}&#8221;][\/et_pb_gallery][\/et_pb_column][\/et_pb_row][et_pb_row column_structure=&#8221;1_2,1_2&#8243; use_custom_gutter=&#8221;on&#8221; gutter_width=&#8221;1&#8243; make_equal=&#8221;on&#8221; admin_label=&#8221;Location per eventi Milano centro adatta ad ogni occasione&#8221; _builder_version=&#8221;4.18.0&#8243; _module_preset=&#8221;default&#8221; background_enable_color=&#8221;off&#8221; custom_margin=&#8221;||20px||false|false&#8221; custom_padding=&#8221;0px||0px||false|false&#8221; collapsed=&#8221;off&#8221; global_colors_info=&#8221;{}&#8221;][et_pb_column type=&#8221;1_2&#8243; _builder_version=&#8221;4.16&#8243; _module_preset=&#8221;default&#8221; background_color=&#8221;#FFFFFF&#8221; global_colors_info=&#8221;{}&#8221;][et_pb_gallery gallery_ids=&#8221;579,578,405,1087&#8243; fullwidth=&#8221;on&#8221; disabled_on=&#8221;off|off|off&#8221; module_id=&#8221;md_gallery_img&#8221; _builder_version=&#8221;4.18.0&#8243; _module_preset=&#8221;default&#8221; global_colors_info=&#8221;{}&#8221;][\/et_pb_gallery][et_pb_image src=&#8221;https:\/\/group.areakitchen.it\/corporate\/wp-content\/uploads\/sites\/3\/2022\/07\/IMG_20220711_213202-2.jpg&#8221; title_text=&#8221;The Village Bistrot Location&#8221; disabled_on=&#8221;on|on|on&#8221; _builder_version=&#8221;4.16&#8243; _module_preset=&#8221;default&#8221; disabled=&#8221;on&#8221; global_colors_info=&#8221;{}&#8221;][\/et_pb_image][\/et_pb_column][et_pb_column type=&#8221;1_2&#8243; _builder_version=&#8221;4.16&#8243; _module_preset=&#8221;default&#8221; global_colors_info=&#8221;{}&#8221;][et_pb_cta title=&#8221;Una Location per eventi Milano centro adatta ad ogni occasione&#8221; button_url=&#8221;#&#8221; admin_label=&#8221;Location per eventi Milano centro adatta ad ogni occasione&#8221; module_id=&#8221;md_cta_cor&#8221; _builder_version=&#8221;4.18.0&#8243; _module_preset=&#8221;default&#8221; background_color=&#8221;#FFFFFF&#8221; text_orientation=&#8221;left&#8221; background_layout=&#8221;light&#8221; global_colors_info=&#8221;{}&#8221;]<\/p>\n<p>Con questa tipologia di Location ci sono infinite possibilit\u00e0 creative.<\/p>\n<p>Grazie alla sua versatilit\u00e0 \u00e8 in grado di adattarsi ad ogni tipo di evenienza ed \u00e8 perfetta per eventi corporate, cene e conferenze.<\/p>\n<p>Grazie alla sua configurazione e alla modularit\u00e0 delle strutture \u00e8 possibile passare da un format all\u2019altro.<\/p>\n<p>Due speciali sipari permettono infatti di modulare facilmente gli spazi, creando un\u2019atmosfera intima e dedicata al singolo evento.<\/p>\n<p>[\/et_pb_cta][\/et_pb_column][\/et_pb_row][et_pb_row column_structure=&#8221;1_2,1_2&#8243; use_custom_gutter=&#8221;on&#8221; gutter_width=&#8221;1&#8243; make_equal=&#8221;on&#8221; admin_label=&#8221;Uno spazio polifunzionale di 3000 metri quadrati&#8221; _builder_version=&#8221;4.18.0&#8243; _module_preset=&#8221;default&#8221; background_enable_color=&#8221;off&#8221; custom_margin=&#8221;||20px||false|false&#8221; custom_padding=&#8221;0px||0px||false|false&#8221; collapsed=&#8221;off&#8221; global_colors_info=&#8221;{}&#8221;][et_pb_column type=&#8221;1_2&#8243; _builder_version=&#8221;4.16&#8243; _module_preset=&#8221;default&#8221; background_color=&#8221;#FFFFFF&#8221; global_colors_info=&#8221;{}&#8221;][et_pb_cta title=&#8221;Uno spazio polifunzionale di 3000 metri quadrati&#8221; button_url=&#8221;https:\/\/www.thevillage.fun\/bistrot\/&#8221; admin_label=&#8221;Uno spazio polifunzionale di 3000 metri quadrati&#8221; module_id=&#8221;md_cta_cor&#8221; _builder_version=&#8221;4.18.0&#8243; _module_preset=&#8221;default&#8221; background_color=&#8221;#FFFFFF&#8221; text_orientation=&#8221;left&#8221; background_layout=&#8221;light&#8221; global_colors_info=&#8221;{}&#8221;]<\/p>\n<p>Si tratta di uno spazio polifunzionale di 3000 metri quadrati che la rende la Location per eventi Milano centro perfetta per organizzare grandi eventi.<\/p>\n<p>Attraverso un sipario speciale otteniamo uno spazio ridotto, ma strategico perch\u00e9 dotato di aree sopraelevate, bar parco luci e palco gi\u00e0 attrezzato per eventi aziendali, cene e occasioni speciali.<\/p>\n<p>[\/et_pb_cta][\/et_pb_column][et_pb_column type=&#8221;1_2&#8243; _builder_version=&#8221;4.16&#8243; _module_preset=&#8221;default&#8221; global_colors_info=&#8221;{}&#8221;][et_pb_image src=&#8221;https:\/\/group.areakitchen.it\/corporate\/wp-content\/uploads\/sites\/3\/2022\/07\/FOTO-DESTRA-Spiadinata-1.jpg&#8221; title_text=&#8221;The Village Bistrot&#8221; disabled_on=&#8221;on|on|on&#8221; _builder_version=&#8221;4.18.0&#8243; _module_preset=&#8221;default&#8221; disabled=&#8221;on&#8221; global_colors_info=&#8221;{}&#8221;][\/et_pb_image][et_pb_gallery gallery_ids=&#8221;577,1107,1104,1106&#8243; fullwidth=&#8221;on&#8221; disabled_on=&#8221;off|off|off&#8221; module_id=&#8221;md_gallery_img&#8221; _builder_version=&#8221;4.18.0&#8243; _module_preset=&#8221;default&#8221; global_colors_info=&#8221;{}&#8221;][\/et_pb_gallery][\/et_pb_column][\/et_pb_row][et_pb_row column_structure=&#8221;1_2,1_2&#8243; use_custom_gutter=&#8221;on&#8221; gutter_width=&#8221;1&#8243; make_equal=&#8221;on&#8221; admin_label=&#8221;Creiamo con voi momenti da ricordare&#8221; module_class=&#8221;md_alcatraz&#8221; _builder_version=&#8221;4.18.0&#8243; _module_preset=&#8221;default&#8221; background_enable_color=&#8221;off&#8221; custom_margin=&#8221;||20px||false|false&#8221; custom_padding=&#8221;0px||0px||false|false&#8221; collapsed=&#8221;off&#8221; global_colors_info=&#8221;{}&#8221;][et_pb_column type=&#8221;1_2&#8243; _builder_version=&#8221;4.16&#8243; _module_preset=&#8221;default&#8221; background_color=&#8221;#FFFFFF&#8221; global_colors_info=&#8221;{}&#8221;][et_pb_code disabled_on=&#8221;on|on|on&#8221; _builder_version=&#8221;4.16&#8243; _module_preset=&#8221;default&#8221; disabled=&#8221;on&#8221; global_colors_info=&#8221;{}&#8221;]<\/p>\n<div class=\"embed-responsive embed-responsive-16by9\"><!-- [et_pb_line_break_holder] -->    <!-- [et_pb_line_break_holder] --><\/div>\n<p>[\/et_pb_code][et_pb_gallery gallery_ids=&#8221;265,579,1207,578&#8243; fullwidth=&#8221;on&#8221; disabled_on=&#8221;off|off|off&#8221; module_id=&#8221;md_gallery_img&#8221; _builder_version=&#8221;4.18.0&#8243; _module_preset=&#8221;default&#8221; global_colors_info=&#8221;{}&#8221;][\/et_pb_gallery][\/et_pb_column][et_pb_column type=&#8221;1_2&#8243; _builder_version=&#8221;4.16&#8243; _module_preset=&#8221;default&#8221; background_color=&#8221;#FFFFFF&#8221; global_colors_info=&#8221;{}&#8221;][et_pb_cta title=&#8221;Creiamo con voi momenti da ricordare&#8221; button_url=&#8221;#&#8221; admin_label=&#8221;Creiamo con voi momenti da ricordare&#8221; module_id=&#8221;md_cta_cor&#8221; _builder_version=&#8221;4.18.0&#8243; _module_preset=&#8221;default&#8221; background_color=&#8221;#FFFFFF&#8221; text_orientation=&#8221;left&#8221; background_layout=&#8221;light&#8221; global_colors_info=&#8221;{}&#8221;]<\/p>\n<p>La Location per eventi Milano centro \u00e8 perfetta per ospitare i vostri eventi, il Natale si sta avvicinando ed \u00e8 l\u2019occasione giusta per provare la nostra offerta dedicata, con i piatti della nostra tradizione e non solo, assaporati in ambientazioni costruite ad hoc in location esclusive.<\/p>\n<p>Creiamo con voi momenti da ricordare con particolare attenzione e cura ai dettagli, dando quel tocco in pi\u00f9 per far emergere la vostra filosofia in ogni componente del vostro evento.<\/p>\n<p>[\/et_pb_cta][\/et_pb_column][\/et_pb_row][\/et_pb_section][et_pb_section fb_built=&#8221;1&#8243; admin_label=&#8221;Contattaci&#8221; module_id=&#8221;md_catering_chef&#8221; _builder_version=&#8221;4.16&#8243; _module_preset=&#8221;default&#8221; background_color=&#8221;#f9f0dd&#8221; custom_padding=&#8221;0px||40px||false|false&#8221; locked=&#8221;off&#8221; collapsed=&#8221;off&#8221; global_colors_info=&#8221;{}&#8221;][et_pb_row column_structure=&#8221;2_3,1_3&#8243; use_custom_gutter=&#8221;on&#8221; gutter_width=&#8221;1&#8243; make_equal=&#8221;on&#8221; admin_label=&#8221;Contattaci&#8221; module_id=&#8221;md_loc_info&#8221; module_class=&#8221;scrivici&#8221; _builder_version=&#8221;4.16&#8243; _module_preset=&#8221;default&#8221; custom_padding=&#8221;0px||0px||false|false&#8221; collapsed=&#8221;off&#8221; global_colors_info=&#8221;{}&#8221;][et_pb_column type=&#8221;2_3&#8243; module_id=&#8221;md_info_title&#8221; _builder_version=&#8221;4.16&#8243; _module_preset=&#8221;default&#8221; background_color=&#8221;#e6bfbc&#8221; background_enable_image=&#8221;off&#8221; global_colors_info=&#8221;{}&#8221;][et_pb_cta title=&#8221;Contattaci per scoprire l&#8217;evento su misura per le tue esigenze&#8221; admin_label=&#8221;Contattaci per scoprire l&#8217;evento su misura per le tue esigenze&#8221; _builder_version=&#8221;4.18.0&#8243; _module_preset=&#8221;default&#8221; body_font_size=&#8221;15px&#8221; body_line_height=&#8221;1.8em&#8221; background_color=&#8221;#ae8e65&#8243; text_orientation=&#8221;left&#8221; background_layout=&#8221;light&#8221; custom_padding=&#8221;60px||60px||false|false&#8221; custom_padding_tablet=&#8221;&#8221; custom_padding_phone=&#8221;&#8221; custom_padding_last_edited=&#8221;on|phone&#8221; global_colors_info=&#8221;{}&#8221;][\/et_pb_cta][\/et_pb_column][et_pb_column type=&#8221;1_3&#8243; _builder_version=&#8221;4.16&#8243; _module_preset=&#8221;default&#8221; background_color=&#8221;#FFFFFF&#8221; global_colors_info=&#8221;{}&#8221;][et_pb_cta admin_label=&#8221;Info&#8221; module_id=&#8221;cor&#8221; _builder_version=&#8221;4.16&#8243; _module_preset=&#8221;default&#8221; body_font_size=&#8221;15px&#8221; body_line_height=&#8221;1.8em&#8221; background_color=&#8221;#FFFFFF&#8221; text_orientation=&#8221;left&#8221; background_layout=&#8221;light&#8221; custom_padding=&#8221;60px||60px||false|false&#8221; global_colors_info=&#8221;{}&#8221;]<\/p>\n<div class=\"et_pb_button_wrapper\" style=\"text-align: center\"><a class=\"et_pb_button et_pb_promo_button cd-btn js-cd-panel-trigger acme_form_trigger\" href=\"#\" data-panel=\"main\">scrivici<\/a><\/div>\n<p>[\/et_pb_cta][\/et_pb_column][\/et_pb_row][\/et_pb_section]<\/p>\n","protected":false},"excerpt":{"rendered":"<p>Grazie alla sua esperienza decennale Area Kitchen si afferma come eccellenza sul mercato del banqueting sartoriale, occupandosi e affiancando il brand in tutte le fasi di realizzazione del vostro evento e proponendo esclusive Location per eventi Milano centro.Il nostro staff vi seguir\u00e0 in ogni dettaglio, come unico interlocutore, perch\u00e9 grazie alla sua expertise collabora in [&hellip;]<\/p>\n","protected":false},"author":2,"featured_media":577,"parent":0,"menu_order":0,"comment_status":"closed","ping_status":"closed","template":"","meta":{"_et_pb_use_builder":"on","_et_pb_old_content":"","_et_gb_content_width":""},"yoast_head":"<!-- This site is optimized with the Yoast SEO plugin v19.11 - https:\/\/yoast.com\/wordpress\/plugins\/seo\/ -->\n<title>Location per eventi Milano centro - Area Kitchen Group Corporate<\/title>\n<meta name=\"description\" content=\"Area Kitchen propone esclusive Location per eventi Milano centro adatte a soddisfare le vostre necessit\u00e0 e a rispecchiare il vostro stile.\" \/>\n<meta name=\"robots\" content=\"index, follow, max-snippet:-1, max-image-preview:large, max-video-preview:-1\" \/>\n<link rel=\"canonical\" href=\"https:\/\/group.areakitchen.it\/corporate\/location-per-eventi-milano-centro\/\" \/>\n<meta property=\"og:locale\" content=\"it_IT\" \/>\n<meta property=\"og:type\" content=\"article\" \/>\n<meta property=\"og:title\" content=\"Location per eventi Milano centro - Area Kitchen Group Corporate\" \/>\n<meta property=\"og:description\" content=\"Area Kitchen propone esclusive Location per eventi Milano centro adatte a soddisfare le vostre necessit\u00e0 e a rispecchiare il vostro stile.\" \/>\n<meta property=\"og:url\" content=\"https:\/\/group.areakitchen.it\/corporate\/location-per-eventi-milano-centro\/\" \/>\n<meta property=\"og:site_name\" content=\"Area Kitchen Group Corporate\" \/>\n<meta property=\"article:modified_time\" content=\"2022-12-09T08:33:28+00:00\" \/>\n<meta property=\"og:image\" content=\"https:\/\/group.areakitchen.it\/corporate\/wp-content\/uploads\/sites\/3\/2021\/07\/Foto-79.jpg\" \/>\n\t<meta property=\"og:image:width\" content=\"900\" \/>\n\t<meta property=\"og:image:height\" content=\"600\" \/>\n\t<meta property=\"og:image:type\" content=\"image\/jpeg\" \/>\n<meta name=\"twitter:card\" content=\"summary_large_image\" \/>\n<meta name=\"twitter:label1\" content=\"Tempo di lettura stimato\" \/>\n\t<meta name=\"twitter:data1\" content=\"4 minuti\" \/>\n<script type=\"application\/ld+json\" class=\"yoast-schema-graph\">{\"@context\":\"https:\/\/schema.org\",\"@graph\":[{\"@type\":\"WebPage\",\"@id\":\"https:\/\/group.areakitchen.it\/corporate\/location-per-eventi-milano-centro\/\",\"url\":\"https:\/\/group.areakitchen.it\/corporate\/location-per-eventi-milano-centro\/\",\"name\":\"Location per eventi Milano centro - Area Kitchen Group Corporate\",\"isPartOf\":{\"@id\":\"https:\/\/group.areakitchen.it\/corporate\/#website\"},\"datePublished\":\"2022-12-09T08:33:25+00:00\",\"dateModified\":\"2022-12-09T08:33:28+00:00\",\"description\":\"Area Kitchen propone esclusive Location per eventi Milano centro adatte a soddisfare le vostre necessit\u00e0 e a rispecchiare il vostro stile.\",\"breadcrumb\":{\"@id\":\"https:\/\/group.areakitchen.it\/corporate\/location-per-eventi-milano-centro\/#breadcrumb\"},\"inLanguage\":\"it-IT\",\"potentialAction\":[{\"@type\":\"ReadAction\",\"target\":[\"https:\/\/group.areakitchen.it\/corporate\/location-per-eventi-milano-centro\/\"]}]},{\"@type\":\"BreadcrumbList\",\"@id\":\"https:\/\/group.areakitchen.it\/corporate\/location-per-eventi-milano-centro\/#breadcrumb\",\"itemListElement\":[{\"@type\":\"ListItem\",\"position\":1,\"name\":\"Home\",\"item\":\"https:\/\/group.areakitchen.it\/corporate\/\"},{\"@type\":\"ListItem\",\"position\":2,\"name\":\"Location per eventi Milano centro\"}]},{\"@type\":\"WebSite\",\"@id\":\"https:\/\/group.areakitchen.it\/corporate\/#website\",\"url\":\"https:\/\/group.areakitchen.it\/corporate\/\",\"name\":\"Area Kitchen Group Corporate\",\"description\":\"Un nuovo approccio nel mondo del Banqueting\",\"potentialAction\":[{\"@type\":\"SearchAction\",\"target\":{\"@type\":\"EntryPoint\",\"urlTemplate\":\"https:\/\/group.areakitchen.it\/corporate\/?s={search_term_string}\"},\"query-input\":\"required name=search_term_string\"}],\"inLanguage\":\"it-IT\"}]}<\/script>\n<!-- \/ Yoast SEO plugin. -->","yoast_head_json":{"title":"Location per eventi Milano centro - Area Kitchen Group Corporate","description":"Area Kitchen propone esclusive Location per eventi Milano centro adatte a soddisfare le vostre necessit\u00e0 e a rispecchiare il vostro stile.","robots":{"index":"index","follow":"follow","max-snippet":"max-snippet:-1","max-image-preview":"max-image-preview:large","max-video-preview":"max-video-preview:-1"},"canonical":"https:\/\/group.areakitchen.it\/corporate\/location-per-eventi-milano-centro\/","og_locale":"it_IT","og_type":"article","og_title":"Location per eventi Milano centro - Area Kitchen Group Corporate","og_description":"Area Kitchen propone esclusive Location per eventi Milano centro adatte a soddisfare le vostre necessit\u00e0 e a rispecchiare il vostro stile.","og_url":"https:\/\/group.areakitchen.it\/corporate\/location-per-eventi-milano-centro\/","og_site_name":"Area Kitchen Group Corporate","article_modified_time":"2022-12-09T08:33:28+00:00","og_image":[{"width":900,"height":600,"url":"https:\/\/group.areakitchen.it\/corporate\/wp-content\/uploads\/sites\/3\/2021\/07\/Foto-79.jpg","type":"image\/jpeg"}],"twitter_card":"summary_large_image","twitter_misc":{"Tempo di lettura stimato":"4 minuti"},"schema":{"@context":"https:\/\/schema.org","@graph":[{"@type":"WebPage","@id":"https:\/\/group.areakitchen.it\/corporate\/location-per-eventi-milano-centro\/","url":"https:\/\/group.areakitchen.it\/corporate\/location-per-eventi-milano-centro\/","name":"Location per eventi Milano centro - Area Kitchen Group Corporate","isPartOf":{"@id":"https:\/\/group.areakitchen.it\/corporate\/#website"},"datePublished":"2022-12-09T08:33:25+00:00","dateModified":"2022-12-09T08:33:28+00:00","description":"Area Kitchen propone esclusive Location per eventi Milano centro adatte a soddisfare le vostre necessit\u00e0 e a rispecchiare il vostro stile.","breadcrumb":{"@id":"https:\/\/group.areakitchen.it\/corporate\/location-per-eventi-milano-centro\/#breadcrumb"},"inLanguage":"it-IT","potentialAction":[{"@type":"ReadAction","target":["https:\/\/group.areakitchen.it\/corporate\/location-per-eventi-milano-centro\/"]}]},{"@type":"BreadcrumbList","@id":"https:\/\/group.areakitchen.it\/corporate\/location-per-eventi-milano-centro\/#breadcrumb","itemListElement":[{"@type":"ListItem","position":1,"name":"Home","item":"https:\/\/group.areakitchen.it\/corporate\/"},{"@type":"ListItem","position":2,"name":"Location per eventi Milano centro"}]},{"@type":"WebSite","@id":"https:\/\/group.areakitchen.it\/corporate\/#website","url":"https:\/\/group.areakitchen.it\/corporate\/","name":"Area Kitchen Group Corporate","description":"Un nuovo approccio nel mondo del Banqueting","potentialAction":[{"@type":"SearchAction","target":{"@type":"EntryPoint","urlTemplate":"https:\/\/group.areakitchen.it\/corporate\/?s={search_term_string}"},"query-input":"required name=search_term_string"}],"inLanguage":"it-IT"}]}},"_links":{"self":[{"href":"https:\/\/group.areakitchen.it\/corporate\/wp-json\/wp\/v2\/pages\/1380"}],"collection":[{"href":"https:\/\/group.areakitchen.it\/corporate\/wp-json\/wp\/v2\/pages"}],"about":[{"href":"https:\/\/group.areakitchen.it\/corporate\/wp-json\/wp\/v2\/types\/page"}],"author":[{"embeddable":true,"href":"https:\/\/group.areakitchen.it\/corporate\/wp-json\/wp\/v2\/users\/2"}],"replies":[{"embeddable":true,"href":"https:\/\/group.areakitchen.it\/corporate\/wp-json\/wp\/v2\/comments?post=1380"}],"version-history":[{"count":24,"href":"https:\/\/group.areakitchen.it\/corporate\/wp-json\/wp\/v2\/pages\/1380\/revisions"}],"predecessor-version":[{"id":1553,"href":"https:\/\/group.areakitchen.it\/corporate\/wp-json\/wp\/v2\/pages\/1380\/revisions\/1553"}],"wp:featuredmedia":[{"embeddable":true,"href":"https:\/\/group.areakitchen.it\/corporate\/wp-json\/wp\/v2\/media\/577"}],"wp:attachment":[{"href":"https:\/\/group.areakitchen.it\/corporate\/wp-json\/wp\/v2\/media?parent=1380"}],"curies":[{"name":"wp","href":"https:\/\/api.w.org\/{rel}","templated":true}]}}